{"id":6211,"date":"2023-01-04T18:14:11","date_gmt":"2023-01-04T17:14:11","guid":{"rendered":"https:\/\/www.drphotgraph.de\/?page_id=6211"},"modified":"2023-01-26T22:32:32","modified_gmt":"2023-01-26T21:32:32","slug":"vermischtes-baeume","status":"publish","type":"page","link":"https:\/\/www.drphotgraph.de\/?page_id=6211","title":{"rendered":"Vermischtes: B\u00e4ume"},"content":{"rendered":"\t\t<div data-elementor-type=\"wp-page\" data-elementor-id=\"6211\" class=\"elementor elementor-6211\">\n\t\t\t\t\t\t<section class=\"elementor-section elementor-top-section elementor-element elementor-element-1d6d6159 elementor-section-full_width elementor-hidden-desktop elementor-section-height-default elementor-section-height-default\" data-id=\"1d6d6159\" data-element_type=\"section\" data-e-type=\"section\">\n\t\t\t\t\t\t<div class=\"elementor-container elementor-column-gap-default\">\n\t\t\t\t\t<div class=\"elementor-column elementor-col-50 elementor-top-column elementor-element elementor-element-4db8f5a6\" data-id=\"4db8f5a6\" data-element_type=\"column\" data-e-type=\"column\">\n\t\t\t<div class=\"elementor-widget-wrap elementor-element-populated\">\n\t\t\t\t\t\t<div class=\"elementor-element elementor-element-236e5ea0 elementor-widget elementor-widget-heading\" data-id=\"236e5ea0\" data-element_type=\"widget\" data-e-type=\"widget\" data-widget_type=\"heading.default\">\n\t\t\t\t<div class=\"elementor-widget-container\">\n\t\t\t\t\t<h2 class=\"elementor-heading-title elementor-size-default\">Vermischtes: B\u00e4ume<\/h2>\t\t\t\t<\/div>\n\t\t\t\t<\/div>\n\t\t\t\t\t<\/div>\n\t\t<\/div>\n\t\t\t\t<div class=\"elementor-column elementor-col-50 elementor-top-column elementor-element elementor-element-2e6cef57\" data-id=\"2e6cef57\" data-element_type=\"column\" data-e-type=\"column\" data-settings=\"{&quot;background_background&quot;:&quot;classic&quot;}\">\n\t\t\t<div class=\"elementor-widget-wrap elementor-element-populated\">\n\t\t\t\t\t\t<div class=\"elementor-element elementor-element-17756be elementor-position-right elementor-vertical-align-top elementor-widget elementor-widget-image-box\" data-id=\"17756be\" data-element_type=\"widget\" data-e-type=\"widget\" data-widget_type=\"image-box.default\">\n\t\t\t\t<div class=\"elementor-widget-container\">\n\t\t\t\t\t<div class=\"elementor-image-box-wrapper\"><figure class=\"elementor-image-box-img\"><a href=\"https:\/\/www.drphotgraph.de\/?page_id=6165\" tabindex=\"-1\"><img fetchpriority=\"high\" decoding=\"async\" width=\"300\" height=\"168\" src=\"https:\/\/www.drphotgraph.de\/wp-content\/uploads\/2023\/01\/bbt-170219-125127-C1370-b01.webp\" class=\"attachment-full size-full wp-image-7974\" alt=\"Daniel Kirsten Fotograf Dresden Hochzeitsfotograf Brautpaarshooting Eheringe\" \/><\/a><\/figure><\/div>\t\t\t\t<\/div>\n\t\t\t\t<\/div>\n\t\t\t\t\t<\/div>\n\t\t<\/div>\n\t\t\t\t\t<\/div>\n\t\t<\/section>\n\t\t\t\t<section class=\"elementor-section elementor-top-section elementor-element elementor-element-1125b3a2 elementor-section-full_width elementor-hidden-tablet elementor-hidden-mobile elementor-section-height-default elementor-section-height-default\" data-id=\"1125b3a2\" data-element_type=\"section\" data-e-type=\"section\">\n\t\t\t\t\t\t<div class=\"elementor-container elementor-column-gap-default\">\n\t\t\t\t\t<div class=\"elementor-column elementor-col-33 elementor-top-column elementor-element elementor-element-70977b40\" data-id=\"70977b40\" data-element_type=\"column\" data-e-type=\"column\">\n\t\t\t<div class=\"elementor-widget-wrap\">\n\t\t\t\t\t\t\t<\/div>\n\t\t<\/div>\n\t\t\t\t<div class=\"elementor-column elementor-col-33 elementor-top-column elementor-element elementor-element-215cfd5d\" data-id=\"215cfd5d\" data-element_type=\"column\" data-e-type=\"column\">\n\t\t\t<div class=\"elementor-widget-wrap elementor-element-populated\">\n\t\t\t\t\t\t<div class=\"elementor-element elementor-element-1e7084b6 elementor-widget elementor-widget-heading\" data-id=\"1e7084b6\" data-element_type=\"widget\" data-e-type=\"widget\" data-widget_type=\"heading.default\">\n\t\t\t\t<div class=\"elementor-widget-container\">\n\t\t\t\t\t<h2 class=\"elementor-heading-title elementor-size-default\">Vermischtes: B\u00e4ume<\/h2>\t\t\t\t<\/div>\n\t\t\t\t<\/div>\n\t\t\t\t\t<\/div>\n\t\t<\/div>\n\t\t\t\t<div class=\"elementor-column elementor-col-33 elementor-top-column elementor-element elementor-element-49c4fb62\" data-id=\"49c4fb62\" data-element_type=\"column\" data-e-type=\"column\" data-settings=\"{&quot;background_background&quot;:&quot;classic&quot;}\">\n\t\t\t<div class=\"elementor-widget-wrap elementor-element-populated\">\n\t\t\t\t\t\t<div class=\"elementor-element elementor-element-60aa34c elementor-position-right elementor-vertical-align-top elementor-widget elementor-widget-image-box\" data-id=\"60aa34c\" data-element_type=\"widget\" data-e-type=\"widget\" data-widget_type=\"image-box.default\">\n\t\t\t\t<div class=\"elementor-widget-container\">\n\t\t\t\t\t<div class=\"elementor-image-box-wrapper\"><figure class=\"elementor-image-box-img\"><a href=\"https:\/\/www.drphotgraph.de\/?page_id=6165\" tabindex=\"-1\"><img fetchpriority=\"high\" decoding=\"async\" width=\"300\" height=\"168\" src=\"https:\/\/www.drphotgraph.de\/wp-content\/uploads\/2023\/01\/bbt-170219-125127-C1370-b01.webp\" class=\"attachment-full size-full wp-image-7974\" alt=\"Daniel Kirsten Fotograf Dresden Hochzeitsfotograf Brautpaarshooting Eheringe\" \/><\/a><\/figure><\/div>\t\t\t\t<\/div>\n\t\t\t\t<\/div>\n\t\t\t\t\t<\/div>\n\t\t<\/div>\n\t\t\t\t\t<\/div>\n\t\t<\/section>\n\t\t\t\t<section class=\"elementor-section elementor-top-section elementor-element elementor-element-6bd1636 elementor-hidden-mobile elementor-section-boxed elementor-section-height-default elementor-section-height-default\" data-id=\"6bd1636\" data-element_type=\"section\" data-e-type=\"section\">\n\t\t\t\t\t\t<div class=\"elementor-container elementor-column-gap-default\">\n\t\t\t\t\t<div class=\"elementor-column elementor-col-100 elementor-top-column elementor-element elementor-element-5f33b4c2\" data-id=\"5f33b4c2\" data-element_type=\"column\" data-e-type=\"column\">\n\t\t\t<div class=\"elementor-widget-wrap elementor-element-populated\">\n\t\t\t\t\t\t<div class=\"elementor-element elementor-element-5a5a460e elementor-widget elementor-widget-spacer\" data-id=\"5a5a460e\" data-element_type=\"widget\" data-e-type=\"widget\" data-widget_type=\"spacer.default\">\n\t\t\t\t<div class=\"elementor-widget-container\">\n\t\t\t\t\t\t\t<div class=\"elementor-spacer\">\n\t\t\t<div class=\"elementor-spacer-inner\"><\/div>\n\t\t<\/div>\n\t\t\t\t\t\t<\/div>\n\t\t\t\t<\/div>\n\t\t\t\t\t<\/div>\n\t\t<\/div>\n\t\t\t\t\t<\/div>\n\t\t<\/section>\n\t\t\t\t<section class=\"elementor-section elementor-top-section elementor-element elementor-element-4db2d015 elementor-section-boxed elementor-section-height-default elementor-section-height-default\" data-id=\"4db2d015\" data-element_type=\"section\" data-e-type=\"section\">\n\t\t\t\t\t\t<div class=\"elementor-container elementor-column-gap-default\">\n\t\t\t\t\t<div class=\"elementor-column elementor-col-100 elementor-top-column elementor-element elementor-element-5e43f64e\" data-id=\"5e43f64e\" data-element_type=\"column\" data-e-type=\"column\">\n\t\t\t<div class=\"elementor-widget-wrap elementor-element-populated\">\n\t\t\t\t\t\t<div class=\"elementor-element elementor-element-6f884444 elementor-widget elementor-widget-shortcode\" data-id=\"6f884444\" data-element_type=\"widget\" data-e-type=\"widget\" data-widget_type=\"shortcode.default\">\n\t\t\t\t<div class=\"elementor-widget-container\">\n\t\t\t\t\t\t\t<div class=\"elementor-shortcode\"><div class=\"gallery-post\"><style type=\"text\/css\">\n#foogallery-gallery-6201.fg-masonry .fg-item { width: 200px; }\n#foogallery-gallery-6201.fg-masonry { --fg-gutter: 4px; }<\/style>\n\t\t\t<style type=\"text\/css\">\n#foogallery-gallery-6201_1.fg-masonry .fg-item { width: 200px; }\n#foogallery-gallery-6201_1.fg-masonry { --fg-gutter: 4px; }<\/style>\n\t\t\t<div class=\"foogallery foogallery-container foogallery-masonry foogallery-lightbox-none fg-center fg-masonry fg-ready fg-dark fg-loading-default fg-loaded-fade-in fg-caption-hover fg-hover-fade fg-hover-plus fg-fixed\" id=\"foogallery-gallery-6201_1\" data-foogallery=\"{&quot;item&quot;:{&quot;showCaptionTitle&quot;:true,&quot;showCaptionDescription&quot;:true},&quot;lazy&quot;:true,&quot;template&quot;:{&quot;columnWidth&quot;:200,&quot;gutter&quot;:4}}\" style=\"--fg-title-line-clamp: 0; --fg-description-line-clamp: 0;\" >\n\t\t<div class=\"fg-item fg-type-image fg-idle\"><figure class=\"fg-item-inner\"><a href=\"https:\/\/www.drphotgraph.de\/wp-content\/uploads\/2025\/01\/1062-gal-241017-161009-D1241-o01.webp\" data-caption-title=\"Umgebrochener Baum, Dresdner Heide, Pentax Asahi Auto Takumar 1.8\/55 10-blade, f\/1.8, Canon Vollformat.\" data-caption-desc=\"Umgebrochener Baum, Dresdner Heide, Pentax Asahi Auto Takumar 1.8\/55 10-blade, f\/1.8, Canon Vollformat.\" data-attachment-id=\"13269\" data-e-disable-page-transition=\"true\" data-type=\"image\" class=\"fg-thumb\"><span class=\"fg-image-wrap\"><img decoding=\"async\" alt=\"Ungebrochener Baum Pentax Asahi Auto Takumar 1.8\/55 Bokeh\" title=\"Umgebrochener Baum, Dresdner Heide, Pentax Asahi Auto Takumar 1.8\/55 10-blade, f\/1.8, Canon Vollformat.\" width=\"200\" height=\"300\" class=\"skip-lazy fg-image\" data-src-fg=\"https:\/\/www.drphotgraph.de\/wp-content\/uploads\/cache\/2025\/01\/1062-gal-241017-161009-D1241-o01\/473258239.webp\" src=\"data:image\/svg+xml,%3Csvg%20xmlns%3D%22http%3A%2F%2Fwww.w3.org%2F2000%2Fsvg%22%20width%3D%22200%22%20height%3D%22300%22%20viewBox%3D%220%200%20200%20300%22%3E%3C%2Fsvg%3E\" loading=\"eager\"><\/span><span class=\"fg-image-overlay\"><\/span><\/a><figcaption class=\"fg-caption\"><div class=\"fg-caption-inner\"><div class=\"fg-caption-desc\">Umgebrochener Baum, Dresdner Heide, Pentax Asahi Auto Takumar 1.8\/55 10-blade, f\/1.8, Canon Vollformat.<\/div><\/div><\/figcaption><\/figure><div class=\"fg-loader\"><\/div><\/div><div class=\"fg-item fg-type-image fg-idle\"><figure class=\"fg-item-inner\"><a href=\"https:\/\/www.drphotgraph.de\/wp-content\/uploads\/2026\/01\/1062-gal-251226-160736-D9049-o03.webp\" data-caption-title=\"Eichen im Nebel bei Bad D\u00fcrrenberg am Jahresende 2025, Carl Zeiss Jena Tessar 2.8\/50 red T 12 blade, Vollformat.\" data-caption-desc=\"Eichen im Nebel bei Bad D\u00fcrrenberg am Jahresende 2025, Carl Zeiss Jena Tessar 2.8\/50 red T 12 blade, Vollformat.\" data-attachment-id=\"14401\" data-e-disable-page-transition=\"true\" data-type=\"image\" class=\"fg-thumb\"><span class=\"fg-image-wrap\"><img decoding=\"async\" alt=\"Tessar 2.8\/50 red T 12-blade Bad D\u00fcrrenberg B\u00e4ume im Nebel Eiche\" title=\"Eichen im Nebel bei Bad D\u00fcrrenberg am Jahresende 2025, Carl Zeiss Jena Tessar 2.8\/50 red T 12 blade, Vollformat.\" width=\"200\" height=\"133\" class=\"skip-lazy fg-image\" data-src-fg=\"https:\/\/www.drphotgraph.de\/wp-content\/uploads\/cache\/2026\/01\/1062-gal-251226-160736-D9049-o03\/1448181013.webp\" src=\"data:image\/svg+xml,%3Csvg%20xmlns%3D%22http%3A%2F%2Fwww.w3.org%2F2000%2Fsvg%22%20width%3D%22200%22%20height%3D%22133%22%20viewBox%3D%220%200%20200%20133%22%3E%3C%2Fsvg%3E\" loading=\"eager\"><\/span><span class=\"fg-image-overlay\"><\/span><\/a><figcaption class=\"fg-caption\"><div class=\"fg-caption-inner\"><div class=\"fg-caption-desc\">Eichen im Nebel bei Bad D\u00fcrrenberg am Jahresende 2025, Carl Zeiss Jena Tessar 2.8\/50 red T 12 blade, Vollformat.<\/div><\/div><\/figcaption><\/figure><div class=\"fg-loader\"><\/div><\/div><div class=\"fg-item fg-type-image fg-idle\"><figure class=\"fg-item-inner\"><a href=\"https:\/\/www.drphotgraph.de\/wp-content\/uploads\/2026\/01\/1062-gal-250208-151946-D2789-o01.webp\" data-caption-title=\"B\u00e4ume an der Saale in Bad D\u00fcrrenberg im Februar 2025, Carl Zeiss Jena Tessar 2.8\/50 red T 12 blade, Vollformat.\" data-caption-desc=\"B\u00e4ume an der Saale in Bad D\u00fcrrenberg im Februar 2025, Carl Zeiss Jena Tessar 2.8\/50 red T 12 blade, Vollformat.\" data-attachment-id=\"14400\" data-e-disable-page-transition=\"true\" data-type=\"image\" class=\"fg-thumb\"><span class=\"fg-image-wrap\"><img decoding=\"async\" alt=\"Tessar 2.8\/50 red T 12 Lamellen Saale B\u00e4ume Bad D\u00fcrrenberg\" title=\"B\u00e4ume an der Saale in Bad D\u00fcrrenberg im Februar 2025, Carl Zeiss Jena Tessar 2.8\/50 red T 12 blade, Vollformat.\" width=\"200\" height=\"153\" class=\"skip-lazy fg-image\" data-src-fg=\"https:\/\/www.drphotgraph.de\/wp-content\/uploads\/cache\/2026\/01\/1062-gal-250208-151946-D2789-o01\/2611322340.webp\" src=\"data:image\/svg+xml,%3Csvg%20xmlns%3D%22http%3A%2F%2Fwww.w3.org%2F2000%2Fsvg%22%20width%3D%22200%22%20height%3D%22153%22%20viewBox%3D%220%200%20200%20153%22%3E%3C%2Fsvg%3E\" loading=\"eager\"><\/span><span class=\"fg-image-overlay\"><\/span><\/a><figcaption class=\"fg-caption\"><div class=\"fg-caption-inner\"><div class=\"fg-caption-desc\">B\u00e4ume an der Saale in Bad D\u00fcrrenberg im Februar 2025, Carl Zeiss Jena Tessar 2.8\/50 red T 12 blade, Vollformat.<\/div><\/div><\/figcaption><\/figure><div class=\"fg-loader\"><\/div><\/div><div class=\"fg-item fg-type-image fg-idle\"><figure class=\"fg-item-inner\"><a href=\"https:\/\/www.drphotgraph.de\/wp-content\/uploads\/2025\/01\/1062-gal-241017-155024-D1220-o01.webp\" data-caption-title=\"Umgest\u00fcrzte Birken in der Dresdner Heide, Tessar 2.8\/50 red T 12-blade, Canon-Vollformat.\" data-caption-desc=\"Umgest\u00fcrzte Birken in der Dresdner Heide, Tessar 2.8\/50 red T 12-blade, Canon-Vollformat.\" data-attachment-id=\"13267\" data-e-disable-page-transition=\"true\" data-type=\"image\" class=\"fg-thumb\"><span class=\"fg-image-wrap\"><img decoding=\"async\" alt=\"Birken B\u00e4ume Wald Dresdner Heide Tessar 2.8\/50\" title=\"Umgest\u00fcrzte Birken in der Dresdner Heide, Tessar 2.8\/50 red T 12-blade, Canon-Vollformat.\" width=\"200\" height=\"133\" class=\"skip-lazy fg-image\" data-src-fg=\"https:\/\/www.drphotgraph.de\/wp-content\/uploads\/cache\/2025\/01\/1062-gal-241017-155024-D1220-o01\/3725676086.webp\" src=\"data:image\/svg+xml,%3Csvg%20xmlns%3D%22http%3A%2F%2Fwww.w3.org%2F2000%2Fsvg%22%20width%3D%22200%22%20height%3D%22133%22%20viewBox%3D%220%200%20200%20133%22%3E%3C%2Fsvg%3E\" loading=\"eager\"><\/span><span class=\"fg-image-overlay\"><\/span><\/a><figcaption class=\"fg-caption\"><div class=\"fg-caption-inner\"><div class=\"fg-caption-desc\">Umgest\u00fcrzte Birken in der Dresdner Heide, Tessar 2.8\/50 red T 12-blade, Canon-Vollformat.<\/div><\/div><\/figcaption><\/figure><div class=\"fg-loader\"><\/div><\/div><div class=\"fg-item fg-type-image fg-idle\"><figure class=\"fg-item-inner\"><a href=\"https:\/\/www.drphotgraph.de\/wp-content\/uploads\/2025\/01\/1062-gal-241017-155205-D1223-o01.webp\" data-caption-title=\"Dresdner Heide, Tessar 2.8\/50 red T 12-blade, Canon-Vollformat.\" data-caption-desc=\"Dresdner Heide, Tessar 2.8\/50 red T 12-blade, Canon-Vollformat.\" data-attachment-id=\"13268\" data-e-disable-page-transition=\"true\" data-type=\"image\" class=\"fg-thumb\"><span class=\"fg-image-wrap\"><img decoding=\"async\" alt=\"B\u00e4ume Wald Dresdner Heide Tessar 2.8\/50\" title=\"Dresdner Heide, Tessar 2.8\/50 red T 12-blade, Canon-Vollformat.\" width=\"200\" height=\"133\" class=\"skip-lazy fg-image\" data-src-fg=\"https:\/\/www.drphotgraph.de\/wp-content\/uploads\/cache\/2025\/01\/1062-gal-241017-155205-D1223-o01\/627148973.webp\" src=\"data:image\/svg+xml,%3Csvg%20xmlns%3D%22http%3A%2F%2Fwww.w3.org%2F2000%2Fsvg%22%20width%3D%22200%22%20height%3D%22133%22%20viewBox%3D%220%200%20200%20133%22%3E%3C%2Fsvg%3E\" loading=\"eager\"><\/span><span class=\"fg-image-overlay\"><\/span><\/a><figcaption class=\"fg-caption\"><div class=\"fg-caption-inner\"><div class=\"fg-caption-desc\">Dresdner Heide, Tessar 2.8\/50 red T 12-blade, Canon-Vollformat.<\/div><\/div><\/figcaption><\/figure><div class=\"fg-loader\"><\/div><\/div><div class=\"fg-item fg-type-image fg-idle\"><figure class=\"fg-item-inner\"><a href=\"https:\/\/www.drphotgraph.de\/wp-content\/uploads\/2025\/05\/1062-gal-250418-172625-D4342-o01.webp\" data-caption-title=\"Biber in Bad D\u00fcrrenberg, Carl Zeiss Jena Tessar 2.8\/50 MC, Vollformat.\" data-caption-desc=\"Biber in Bad D\u00fcrrenberg, Carl Zeiss Jena Tessar 2.8\/50 MC, Vollformat.\" data-attachment-id=\"14167\" data-e-disable-page-transition=\"true\" data-type=\"image\" class=\"fg-thumb\"><span class=\"fg-image-wrap\"><img decoding=\"async\" alt=\"Biber Baum Carl Zeiss Jena Tessar 2.8\/50\" title=\"Biber in Bad D\u00fcrrenberg, Carl Zeiss Jena Tessar 2.8\/50 MC, Vollformat.\" width=\"200\" height=\"358\" class=\"skip-lazy fg-image\" data-src-fg=\"https:\/\/www.drphotgraph.de\/wp-content\/uploads\/cache\/2025\/05\/1062-gal-250418-172625-D4342-o01\/3562401402.webp\" src=\"data:image\/svg+xml,%3Csvg%20xmlns%3D%22http%3A%2F%2Fwww.w3.org%2F2000%2Fsvg%22%20width%3D%22200%22%20height%3D%22358%22%20viewBox%3D%220%200%20200%20358%22%3E%3C%2Fsvg%3E\" loading=\"eager\"><\/span><span class=\"fg-image-overlay\"><\/span><\/a><figcaption class=\"fg-caption\"><div class=\"fg-caption-inner\"><div class=\"fg-caption-desc\">Biber in Bad D\u00fcrrenberg, Carl Zeiss Jena Tessar 2.8\/50 MC, Vollformat.<\/div><\/div><\/figcaption><\/figure><div class=\"fg-loader\"><\/div><\/div><div class=\"fg-item fg-type-image fg-idle\"><figure class=\"fg-item-inner\"><a href=\"https:\/\/www.drphotgraph.de\/wp-content\/uploads\/2023\/01\/1062-gal-220812-124423-C7412-o03.webp\" data-caption-title=\"Umgebrochener Baum im Erlenbruch am Gliensee bei Gro\u00df Kelle\" data-caption-desc=\"Umgebrochener Baum im Erlenbruch am Gliensee bei Gro\u00df Kelle\" data-attachment-id=\"6199\" data-e-disable-page-transition=\"true\" data-type=\"image\" class=\"fg-thumb\"><span class=\"fg-image-wrap\"><img decoding=\"async\" alt=\"Daniel Kirsten Hochzeitsfotograf Fotograf Dresden Baum B\u00e4ume Erlenbruch Gliensee Gro\u00df Kelle\" title=\"Umgebrochener Baum im Erlenbruch am Gliensee bei Gro\u00df Kelle\" width=\"200\" height=\"90\" class=\"skip-lazy fg-image\" data-src-fg=\"https:\/\/www.drphotgraph.de\/wp-content\/uploads\/cache\/2023\/01\/1062-gal-220812-124423-C7412-o03\/859582672.webp\" src=\"data:image\/svg+xml,%3Csvg%20xmlns%3D%22http%3A%2F%2Fwww.w3.org%2F2000%2Fsvg%22%20width%3D%22200%22%20height%3D%2290%22%20viewBox%3D%220%200%20200%2090%22%3E%3C%2Fsvg%3E\" loading=\"eager\"><\/span><span class=\"fg-image-overlay\"><\/span><\/a><figcaption class=\"fg-caption\"><div class=\"fg-caption-inner\"><div class=\"fg-caption-desc\">Umgebrochener Baum im Erlenbruch am Gliensee bei Gro\u00df Kelle<\/div><\/div><\/figcaption><\/figure><div class=\"fg-loader\"><\/div><\/div><div class=\"fg-item fg-type-image fg-idle\"><figure class=\"fg-item-inner\"><a href=\"https:\/\/www.drphotgraph.de\/wp-content\/uploads\/2025\/01\/1062-gal-241104-140600-D1380-o02.webp\" data-caption-title=\"Herbst bei Wei\u00dfig, Tessar 2.8\/50 red T 12-blade, Canon-Vollformat.\" data-caption-desc=\"Herbst bei Wei\u00dfig, Tessar 2.8\/50 red T 12-blade, Canon-Vollformat.\" data-attachment-id=\"13270\" data-e-disable-page-transition=\"true\" data-type=\"image\" class=\"fg-thumb\"><span class=\"fg-image-wrap\"><img decoding=\"async\" alt=\"Herbst Wald Wei\u00dfig Dresdner Heide Tessar 2.8\/50\" title=\"Herbst bei Wei\u00dfig, Tessar 2.8\/50 red T 12-blade, Canon-Vollformat.\" width=\"200\" height=\"133\" class=\"skip-lazy fg-image\" data-src-fg=\"https:\/\/www.drphotgraph.de\/wp-content\/uploads\/cache\/2025\/01\/1062-gal-241104-140600-D1380-o02\/4024137509.webp\" src=\"data:image\/svg+xml,%3Csvg%20xmlns%3D%22http%3A%2F%2Fwww.w3.org%2F2000%2Fsvg%22%20width%3D%22200%22%20height%3D%22133%22%20viewBox%3D%220%200%20200%20133%22%3E%3C%2Fsvg%3E\" loading=\"eager\"><\/span><span class=\"fg-image-overlay\"><\/span><\/a><figcaption class=\"fg-caption\"><div class=\"fg-caption-inner\"><div class=\"fg-caption-desc\">Herbst bei Wei\u00dfig, Tessar 2.8\/50 red T 12-blade, Canon-Vollformat.<\/div><\/div><\/figcaption><\/figure><div class=\"fg-loader\"><\/div><\/div><div class=\"fg-item fg-type-image fg-idle\"><figure class=\"fg-item-inner\"><a href=\"https:\/\/www.drphotgraph.de\/wp-content\/uploads\/2025\/01\/1062-gal-241104-153654-D1405-o01.webp\" data-attachment-id=\"13271\" data-e-disable-page-transition=\"true\" data-type=\"image\" class=\"fg-thumb\"><span class=\"fg-image-wrap\"><img decoding=\"async\" alt=\"Tessar 2.8\/50 red T 12-blade, Canon-Vollformat.\" width=\"200\" height=\"133\" class=\"skip-lazy fg-image\" data-src-fg=\"https:\/\/www.drphotgraph.de\/wp-content\/uploads\/cache\/2025\/01\/1062-gal-241104-153654-D1405-o01\/2353784382.webp\" src=\"data:image\/svg+xml,%3Csvg%20xmlns%3D%22http%3A%2F%2Fwww.w3.org%2F2000%2Fsvg%22%20width%3D%22200%22%20height%3D%22133%22%20viewBox%3D%220%200%20200%20133%22%3E%3C%2Fsvg%3E\" loading=\"eager\"><\/span><span class=\"fg-image-overlay\"><\/span><\/a><\/figure><div class=\"fg-loader\"><\/div><\/div><div class=\"fg-item fg-type-image fg-idle\"><figure class=\"fg-item-inner\"><a href=\"https:\/\/www.drphotgraph.de\/wp-content\/uploads\/2023\/01\/1062-gal-210104-162925-D4452-r04.webp\" data-attachment-id=\"6198\" data-e-disable-page-transition=\"true\" data-type=\"image\" class=\"fg-thumb\"><span class=\"fg-image-wrap\"><img decoding=\"async\" alt=\"Daniel Kirsten Hochzeitsfotograf Fotograf Dresden Baum B\u00e4ume Elbe Elbwiesen SchwarzWei\u00df Schwarz-Wei\u00df\" width=\"200\" height=\"149\" class=\"skip-lazy fg-image\" data-src-fg=\"https:\/\/www.drphotgraph.de\/wp-content\/uploads\/cache\/2023\/01\/1062-gal-210104-162925-D4452-r04\/4077096625.webp\" src=\"data:image\/svg+xml,%3Csvg%20xmlns%3D%22http%3A%2F%2Fwww.w3.org%2F2000%2Fsvg%22%20width%3D%22200%22%20height%3D%22149%22%20viewBox%3D%220%200%20200%20149%22%3E%3C%2Fsvg%3E\" loading=\"eager\"><\/span><span class=\"fg-image-overlay\"><\/span><\/a><\/figure><div class=\"fg-loader\"><\/div><\/div><div class=\"fg-item fg-type-image fg-idle\"><figure class=\"fg-item-inner\"><a href=\"https:\/\/www.drphotgraph.de\/wp-content\/uploads\/2023\/01\/1062-gal-210104-162925-D4452-r03.webp\" data-attachment-id=\"6197\" data-e-disable-page-transition=\"true\" data-type=\"image\" class=\"fg-thumb\"><span class=\"fg-image-wrap\"><img decoding=\"async\" alt=\"Daniel Kirsten Hochzeitsfotograf Fotograf Dresden Baum B\u00e4ume Elbe Elbwiesen\" width=\"200\" height=\"149\" class=\"skip-lazy fg-image\" data-src-fg=\"https:\/\/www.drphotgraph.de\/wp-content\/uploads\/cache\/2023\/01\/1062-gal-210104-162925-D4452-r03\/674283140.webp\" src=\"data:image\/svg+xml,%3Csvg%20xmlns%3D%22http%3A%2F%2Fwww.w3.org%2F2000%2Fsvg%22%20width%3D%22200%22%20height%3D%22149%22%20viewBox%3D%220%200%20200%20149%22%3E%3C%2Fsvg%3E\" loading=\"eager\"><\/span><span class=\"fg-image-overlay\"><\/span><\/a><\/figure><div class=\"fg-loader\"><\/div><\/div><div class=\"fg-item fg-type-image fg-idle\"><figure class=\"fg-item-inner\"><a href=\"https:\/\/www.drphotgraph.de\/wp-content\/uploads\/2023\/01\/1062-gal-201231-152248-D4396-d05.webp\" data-attachment-id=\"6196\" data-e-disable-page-transition=\"true\" data-type=\"image\" class=\"fg-thumb\"><span class=\"fg-image-wrap\"><img decoding=\"async\" alt=\"Daniel Kirsten Hochzeitsfotograf Fotograf Dresden Baum B\u00e4ume Vesta Goddula SchwarzWei\u00df Schwarz-Wei\u00df\" width=\"200\" height=\"316\" class=\"skip-lazy fg-image\" data-src-fg=\"https:\/\/www.drphotgraph.de\/wp-content\/uploads\/cache\/2023\/01\/1062-gal-201231-152248-D4396-d05\/1526871916.webp\" src=\"data:image\/svg+xml,%3Csvg%20xmlns%3D%22http%3A%2F%2Fwww.w3.org%2F2000%2Fsvg%22%20width%3D%22200%22%20height%3D%22316%22%20viewBox%3D%220%200%20200%20316%22%3E%3C%2Fsvg%3E\" loading=\"eager\"><\/span><span class=\"fg-image-overlay\"><\/span><\/a><\/figure><div class=\"fg-loader\"><\/div><\/div><div class=\"fg-item fg-type-image fg-idle\"><figure class=\"fg-item-inner\"><a href=\"https:\/\/www.drphotgraph.de\/wp-content\/uploads\/2023\/01\/1062-gal-201231-152248-D4396-d04.webp\" data-attachment-id=\"6195\" data-e-disable-page-transition=\"true\" data-type=\"image\" class=\"fg-thumb\"><span class=\"fg-image-wrap\"><img decoding=\"async\" alt=\"Daniel Kirsten Hochzeitsfotograf Fotograf Dresden Baum B\u00e4ume Goddula Vesta\" width=\"200\" height=\"316\" class=\"skip-lazy fg-image\" data-src-fg=\"https:\/\/www.drphotgraph.de\/wp-content\/uploads\/cache\/2023\/01\/1062-gal-201231-152248-D4396-d04\/126655478.webp\" src=\"data:image\/svg+xml,%3Csvg%20xmlns%3D%22http%3A%2F%2Fwww.w3.org%2F2000%2Fsvg%22%20width%3D%22200%22%20height%3D%22316%22%20viewBox%3D%220%200%20200%20316%22%3E%3C%2Fsvg%3E\" loading=\"eager\"><\/span><span class=\"fg-image-overlay\"><\/span><\/a><\/figure><div class=\"fg-loader\"><\/div><\/div><div class=\"fg-item fg-type-image fg-idle\"><figure class=\"fg-item-inner\"><a href=\"https:\/\/www.drphotgraph.de\/wp-content\/uploads\/2023\/01\/1062-gal-201226-160229-D4315-r03.webp\" data-attachment-id=\"6194\" data-e-disable-page-transition=\"true\" data-type=\"image\" class=\"fg-thumb\"><span class=\"fg-image-wrap\"><img decoding=\"async\" alt=\"Daniel Kirsten Hochzeitsfotograf Fotograf Dresden Baum B\u00e4ume Vesta SchwarzWei\u00df Schwarz-Wei\u00df Goddula\" width=\"200\" height=\"109\" class=\"skip-lazy fg-image\" data-src-fg=\"https:\/\/www.drphotgraph.de\/wp-content\/uploads\/cache\/2023\/01\/1062-gal-201226-160229-D4315-r03\/2575667856.webp\" src=\"data:image\/svg+xml,%3Csvg%20xmlns%3D%22http%3A%2F%2Fwww.w3.org%2F2000%2Fsvg%22%20width%3D%22200%22%20height%3D%22109%22%20viewBox%3D%220%200%20200%20109%22%3E%3C%2Fsvg%3E\" loading=\"eager\"><\/span><span class=\"fg-image-overlay\"><\/span><\/a><\/figure><div class=\"fg-loader\"><\/div><\/div><div class=\"fg-item fg-type-image fg-idle\"><figure class=\"fg-item-inner\"><a href=\"https:\/\/www.drphotgraph.de\/wp-content\/uploads\/2023\/01\/1062-gal-201226-160229-D4315-r02.webp\" data-attachment-id=\"6193\" data-e-disable-page-transition=\"true\" data-type=\"image\" class=\"fg-thumb\"><span class=\"fg-image-wrap\"><img decoding=\"async\" alt=\"Daniel Kirsten Hochzeitsfotograf Fotograf Dresden Baum B\u00e4ume Vesta Goddula\" width=\"200\" height=\"109\" class=\"skip-lazy fg-image\" data-src-fg=\"https:\/\/www.drphotgraph.de\/wp-content\/uploads\/cache\/2023\/01\/1062-gal-201226-160229-D4315-r02\/2526438121.webp\" src=\"data:image\/svg+xml,%3Csvg%20xmlns%3D%22http%3A%2F%2Fwww.w3.org%2F2000%2Fsvg%22%20width%3D%22200%22%20height%3D%22109%22%20viewBox%3D%220%200%20200%20109%22%3E%3C%2Fsvg%3E\" loading=\"eager\"><\/span><span class=\"fg-image-overlay\"><\/span><\/a><\/figure><div class=\"fg-loader\"><\/div><\/div><div class=\"fg-item fg-type-image fg-idle\"><figure class=\"fg-item-inner\"><a href=\"https:\/\/www.drphotgraph.de\/wp-content\/uploads\/2023\/01\/1062-gal-201226-155651-D4306-r03.webp\" data-attachment-id=\"6192\" data-e-disable-page-transition=\"true\" data-type=\"image\" class=\"fg-thumb\"><span class=\"fg-image-wrap\"><img decoding=\"async\" alt=\"Daniel Kirsten Hochzeitsfotograf Fotograf Dresden Baum B\u00e4ume Vesta SchwarzWei\u00df Schwarz-Wei\u00df\" width=\"200\" height=\"133\" class=\"skip-lazy fg-image\" data-src-fg=\"https:\/\/www.drphotgraph.de\/wp-content\/uploads\/cache\/2023\/01\/1062-gal-201226-155651-D4306-r03\/3923451850.webp\" src=\"data:image\/svg+xml,%3Csvg%20xmlns%3D%22http%3A%2F%2Fwww.w3.org%2F2000%2Fsvg%22%20width%3D%22200%22%20height%3D%22133%22%20viewBox%3D%220%200%20200%20133%22%3E%3C%2Fsvg%3E\" loading=\"eager\"><\/span><span class=\"fg-image-overlay\"><\/span><\/a><\/figure><div class=\"fg-loader\"><\/div><\/div><div class=\"fg-item fg-type-image fg-idle\"><figure class=\"fg-item-inner\"><a href=\"https:\/\/www.drphotgraph.de\/wp-content\/uploads\/2023\/01\/1062-gal-201226-155651-D4306-r02.webp\" data-attachment-id=\"6191\" data-e-disable-page-transition=\"true\" data-type=\"image\" class=\"fg-thumb\"><span class=\"fg-image-wrap\"><img decoding=\"async\" alt=\"Daniel Kirsten Hochzeitsfotograf Fotograf Dresden Baum B\u00e4ume Vesta\" width=\"200\" height=\"133\" class=\"skip-lazy fg-image\" data-src-fg=\"https:\/\/www.drphotgraph.de\/wp-content\/uploads\/cache\/2023\/01\/1062-gal-201226-155651-D4306-r02\/3042292560.webp\" src=\"data:image\/svg+xml,%3Csvg%20xmlns%3D%22http%3A%2F%2Fwww.w3.org%2F2000%2Fsvg%22%20width%3D%22200%22%20height%3D%22133%22%20viewBox%3D%220%200%20200%20133%22%3E%3C%2Fsvg%3E\" loading=\"eager\"><\/span><span class=\"fg-image-overlay\"><\/span><\/a><\/figure><div class=\"fg-loader\"><\/div><\/div><div class=\"fg-item fg-type-image fg-idle\"><figure class=\"fg-item-inner\"><a href=\"https:\/\/www.drphotgraph.de\/wp-content\/uploads\/2023\/01\/1062-gal-191230-163903-D6651-r02.webp\" data-attachment-id=\"6190\" data-e-disable-page-transition=\"true\" data-type=\"image\" class=\"fg-thumb\"><span class=\"fg-image-wrap\"><img decoding=\"async\" alt=\"Daniel Kirsten Hochzeitsfotograf Fotograf Dresden Baum B\u00e4ume\" width=\"200\" height=\"330\" class=\"skip-lazy fg-image\" data-src-fg=\"https:\/\/www.drphotgraph.de\/wp-content\/uploads\/cache\/2023\/01\/1062-gal-191230-163903-D6651-r02\/645066226.webp\" src=\"data:image\/svg+xml,%3Csvg%20xmlns%3D%22http%3A%2F%2Fwww.w3.org%2F2000%2Fsvg%22%20width%3D%22200%22%20height%3D%22330%22%20viewBox%3D%220%200%20200%20330%22%3E%3C%2Fsvg%3E\" loading=\"eager\"><\/span><span class=\"fg-image-overlay\"><\/span><\/a><\/figure><div class=\"fg-loader\"><\/div><\/div><div class=\"fg-item fg-type-image fg-idle\"><figure class=\"fg-item-inner\"><a href=\"https:\/\/www.drphotgraph.de\/wp-content\/uploads\/2023\/01\/1062-gal-180119-123010-C3422-r03.webp\" data-caption-title=\"Sturmschaden im Januar 2018\" data-caption-desc=\"Sturmschaden im Januar 2018\" data-attachment-id=\"6189\" data-e-disable-page-transition=\"true\" data-type=\"image\" class=\"fg-thumb\"><span class=\"fg-image-wrap\"><img decoding=\"async\" alt=\"Daniel Kirsten Hochzeitsfotograf Dresden Baum B\u00e4ume\" title=\"Sturmschaden im Januar 2018\" width=\"200\" height=\"141\" class=\"skip-lazy fg-image\" data-src-fg=\"https:\/\/www.drphotgraph.de\/wp-content\/uploads\/cache\/2023\/01\/1062-gal-180119-123010-C3422-r03\/2663816588.webp\" src=\"data:image\/svg+xml,%3Csvg%20xmlns%3D%22http%3A%2F%2Fwww.w3.org%2F2000%2Fsvg%22%20width%3D%22200%22%20height%3D%22141%22%20viewBox%3D%220%200%20200%20141%22%3E%3C%2Fsvg%3E\" loading=\"eager\"><\/span><span class=\"fg-image-overlay\"><\/span><\/a><figcaption class=\"fg-caption\"><div class=\"fg-caption-inner\"><div class=\"fg-caption-desc\">Sturmschaden im Januar 2018<\/div><\/div><\/figcaption><\/figure><div class=\"fg-loader\"><\/div><\/div><\/div><\/div><\/div>\n\t\t\t\t\t\t<\/div>\n\t\t\t\t<\/div>\n\t\t\t\t\t<\/div>\n\t\t<\/div>\n\t\t\t\t\t<\/div>\n\t\t<\/section>\n\t\t\t\t<\/div>\n\t\t","protected":false},"excerpt":{"rendered":"<p>Vermischtes: B\u00e4ume Vermischtes: B\u00e4ume<\/p>\n","protected":false},"author":1,"featured_media":0,"parent":0,"menu_order":0,"comment_status":"closed","ping_status":"closed","template":"templates\/template-fullscreen.php","meta":{"footnotes":""},"class_list":["post-6211","page","type-page","status-publish","hentry"],"acf":[],"_links":{"self":[{"href":"https:\/\/www.drphotgraph.de\/index.php?rest_route=\/wp\/v2\/pages\/6211","targetHints":{"allow":["GET"]}}],"collection":[{"href":"https:\/\/www.drphotgraph.de\/index.php?rest_route=\/wp\/v2\/pages"}],"about":[{"href":"https:\/\/www.drphotgraph.de\/index.php?rest_route=\/wp\/v2\/types\/page"}],"author":[{"embeddable":true,"href":"https:\/\/www.drphotgraph.de\/index.php?rest_route=\/wp\/v2\/users\/1"}],"replies":[{"embeddable":true,"href":"https:\/\/www.drphotgraph.de\/index.php?rest_route=%2Fwp%2Fv2%2Fcomments&post=6211"}],"version-history":[{"count":0,"href":"https:\/\/www.drphotgraph.de\/index.php?rest_route=\/wp\/v2\/pages\/6211\/revisions"}],"wp:attachment":[{"href":"https:\/\/www.drphotgraph.de\/index.php?rest_route=%2Fwp%2Fv2%2Fmedia&parent=6211"}],"curies":[{"name":"wp","href":"https:\/\/api.w.org\/{rel}","templated":true}]}}